{"id":32,"date":"2021-11-22T22:03:14","date_gmt":"2021-11-22T22:03:14","guid":{"rendered":"https:\/\/legalortega.com\/oo\/?page_id=32"},"modified":"2022-06-05T00:25:35","modified_gmt":"2022-06-05T00:25:35","slug":"quienes-somos","status":"publish","type":"page","link":"https:\/\/legalortega.com\/oo\/quienes-somos\/","title":{"rendered":"\u00bfQui\u00e9nes Somos?"},"content":{"rendered":"\n<figure class=\"wp-block-gallery aligncenter has-nested-images columns-default is-cropped wp-block-gallery-1 is-layout-flex wp-block-gallery-is-layout-flex\">\n<figure class=\"wp-block-image size-large\"><img loading=\"lazy\" decoding=\"async\" width=\"1024\" height=\"512\" data-id=\"119\" src=\"https:\/\/legalortega.com\/oo\/wp-content\/uploads\/2022\/06\/Abogados-OO-1024x512.png\" alt=\"\" class=\"wp-image-119\" srcset=\"https:\/\/legalortega.com\/oo\/wp-content\/uploads\/2022\/06\/Abogados-OO-1024x512.png 1024w, https:\/\/legalortega.com\/oo\/wp-content\/uploads\/2022\/06\/Abogados-OO-300x150.png 300w, https:\/\/legalortega.com\/oo\/wp-content\/uploads\/2022\/06\/Abogados-OO-768x384.png 768w, https:\/\/legalortega.com\/oo\/wp-content\/uploads\/2022\/06\/Abogados-OO.png 1400w\" sizes=\"(max-width: 1024px) 100vw, 1024px\" \/><\/figure>\n<\/figure>\n\n\n\n<p class=\"has-drop-cap\" style=\"line-height:2\">Nacimos en el coraz\u00f3n de la ciudad industrial de Honduras, justamente un a\u00f1o antes de la tragedia del hurac\u00e1n Mitch; tragedia, que nos inspira a construir 100 organizaciones no lucrativas dirigidas al p\u00fablico a fin de establecer una cooperaci\u00f3n social. Era 1997, cuando comenzamos a ofrecer al p\u00fablico algunos de nuestros servicios legales b\u00e1sicos. Desde siempre, la motivaci\u00f3n del servicio, unido a la fuerza arrolladora de las leyes, nos ha inspirado a ver nuestra vida, con un sentido de misi\u00f3n y colaboraci\u00f3n. Ello a contribuido a que este bufete haya sido el centro de inspiraci\u00f3n de proyectos sociales como: <\/p>\n\n\n\n<div class=\"wp-block-columns is-layout-flex wp-container-core-columns-is-layout-1 wp-block-columns-is-layout-flex\">\n<div class=\"wp-block-column is-layout-flow wp-block-column-is-layout-flow\" style=\"flex-basis:100%\">\n<blockquote class=\"wp-block-quote is-style-default is-layout-flow wp-block-quote-is-layout-flow\"><p><strong>CCALS<\/strong>; una ONG, con m\u00e1s de 300 organizaciones asociadas, dedicada precisamente al servicio y consolidaci\u00f3n de las ONG \u0301S, en el pa\u00eds a traves de su fortalecimiento legal e institucional. <\/p><p><strong>NEXO<\/strong>; una empresa dirigida a las personas con escasa capacidad econ\u00f3mica orientada al impulso del emprendimiento, ofreciendo a estos emprendedores servicios de constituci\u00f3n de sus empresas, permisos legales, contabilidad, capacitaci\u00f3n y marketing, entre otros. <\/p><p><strong>CRPD<\/strong>; una organizaci\u00f3n no lucrativa dedicada a la soluci\u00f3n pacifica de diferencias entre personas y organizaciones, tratando de minimizar la recurrencia a tribunales a resolver conflictos. Nuestro enfoque profesional y nuestra formaci\u00f3n, tiene profunda inspiraci\u00f3n en la concordia y la paz entre partes contratantes. Aqu\u00ed concebimos que, en medio del entendimiento, podemos construir m\u00e1s y mejor el futuro deseado para todos. <\/p><\/blockquote>\n<\/div>\n<\/div>\n\n\n\n<p>Y as\u00ed hablar\u00edamos de una cantidad de proyectos que este bufete ha inspirado y sigue inspirando, enfocado en su incidencia colaborativa para dejar una huella social.<\/p>\n\n\n\n<h2 class=\"wp-block-heading\">NUESTRO EQUIPO<\/h2>\n\n\n\n\t<!-- wpshopmart team builder wrapper -->\r\n\t<style>\r\n\t\t\t#wpsm_team_2_b_row_93 .wpsm_team_2_member_wrapper_inner h3{\r\n\t\t\t\tcolor:#000000 !important;\r\n\t\t\t\tfont-size:18px !important;\r\n\t\t\t\tfont-family:Open Sans !important;\r\n\t\t\t}\r\n\t\t\t\r\n\t\t\t#wpsm_team_2_b_row_93 .wpsm_team_2_member_wrapper\r\n\t\t\t{\r\n\t\t\t\tmargin:10px;\r\n\t\t\t}\r\n\t\t\t\r\n\t\t\t#wpsm_team_2_b_row_93 .owl-dots .owl-dot span {\t\t\t\r\n\t\t\tbackground:#D6D6D6;\t\t\t\r\n\t\t\t}\r\n\t\t\t#wpsm_team_2_b_row_93 .owl-dots .owl-dot.active span {\r\n\t\t\t\tbackground: #869791;\r\n\t\t\t}\r\n\t\t\t#wpsm_team_2_b_row_93 .owl-dots .owl-dot:hover span {\r\n\t\t\t\tbackground: #869791;\r\n\t\t\t}\r\n\t\t\t#wpsm_team_2_b_row_93 .owl-dots\r\n\t\t\t{\r\n\t\t\t\tdisplay:block\t\t\t}\r\n\t\t\t\r\n\t\t\t#wpsm_team_2_b_row_93 .wpsm_team_2_b_desig{\r\n\t\t\t\tcolor:#000000 !important;\r\n\t\t\t\tfont-size:14px !important;\r\n\t\t\t\tfont-family:Open Sans !important;\r\n\t\t\t}\r\n\t\t\t#wpsm_team_2_b_row_93 .wpsm_team_2_b_desc{\r\n\t\t\t\tcolor:#000000 !important;\r\n\t\t\t\tfont-size:14px !important;\r\n\t\t\t\tfont-family:Open Sans !important;\r\n\t\t\t}\r\n\t\t\t#wpsm_team_2_b_row_93 .wpsm_team_2_social_div a i{\r\n\t\t\t\tcolor:#4f4f4f !important;\r\n\t\t\t\tborder-color:#4f4f4f !important;\r\n\t\t\t}\r\n\t\t\t#wpsm_team_2_b_row_93 .wpsm_team_2_member_wrapper{\r\n\t\t\t\tbackground:#ffffff !important;\r\n\t\t\t}\r\n\t\t\t\t<\/style>\r\n\t<div class=\"wpsm_team_2_b_row\" id=\"wpsm_team_2_b_row_93\">\r\n\t\t<div class=\"wpsm_row\">  \r\n\t\t\t<div id=\"wpsm-carousel-two\" class=\"wpsm-team-owl-carousel\">\r\n\t\t\t\t\t\r\n\t\t\t\t\t\r\n\t\t\t\t\t\t<div class=\"wpsm_team_2_member_wrapper\">\r\n\t\t\t\t\t\t\t<img decoding=\"async\" class=\"img-responsive wpsm_team_2_mem_img\" src=\"https:\/\/legalortega.com\/oo\/wp-content\/uploads\/2022\/06\/C91A0852.jpg\" alt=\"Abogado Carlos Ortega\">\r\n\t\t\t\t\t\t\t<div class=\"wpsm_team_2_member_wrapper_inner\">\r\n\t\t\t\t\t\t\t\t<h3>\r\n\t\t\t\t\t\t\t\t\tAbogado Carlos Ortega\t\t\t\t\t\t\t\t<\/h3>\r\n\t\t\t\t\t\t\t\t<span class=\"wpsm_team_2_b_desig\"> Director Ejecutivo Grupo Legal Ortega <\/span> \t\t\t\t\t\t\t\t<div class=\"wpsm_team_2_social_div\">\r\n\t\t\t\t\t\t\t\t\t\t\t\t\t\t\t\t\t\t\t\t\t\t\t\t\t\t\t\t\t\t\t\t\t\t\t\t\t\t\t\t\t\t\t\t<\/div>\r\n\t\t\t\t\t\t\t\t<p class=\"wpsm_team_2_b_desc\"> Telefono: 9987-3458,\r\nEmails:  carlossiou@hotmail.com  \/ carlos.ortega@legalortega.com <\/p> \t\t\t\t\t\t\t\t\r\n\t\t\t\t\t\t\t<\/div>\r\n\t\t\t\t\t\t<\/div>\t\t\t\t\t\t\t\t\t\t\r\n\t\t\t\t\t\t\t\r\n\t\t\t\t\t\r\n\t\t\t\t\t\t<div class=\"wpsm_team_2_member_wrapper\">\r\n\t\t\t\t\t\t\t<img decoding=\"async\" class=\"img-responsive wpsm_team_2_mem_img\" src=\"https:\/\/legalortega.com\/oo\/wp-content\/uploads\/2022\/06\/Mirian-Bustillo-scaled-e1656097212102.jpg\" alt=\"Abog. Mirian Bustillo\">\r\n\t\t\t\t\t\t\t<div class=\"wpsm_team_2_member_wrapper_inner\">\r\n\t\t\t\t\t\t\t\t<h3>\r\n\t\t\t\t\t\t\t\t\tAbog. Mirian Bustillo\t\t\t\t\t\t\t\t<\/h3>\r\n\t\t\t\t\t\t\t\t<span class=\"wpsm_team_2_b_desig\"> Asesora Legal <\/span> \t\t\t\t\t\t\t\t<div class=\"wpsm_team_2_social_div\">\r\n\t\t\t\t\t\t\t\t\t\t\t\t\t\t\t\t\t\t\t\t\t\t\t\t\t\t\t\t\t\t\t\t\t\t\t\t\t\t\t\t\t\t\t\t<\/div>\r\n\t\t\t\t\t\t\t\t<p class=\"wpsm_team_2_b_desc\"> Tel\u00e9fono 8969-4229\r\nCorreo: mirian.bustillo@legalortega.com <\/p> \t\t\t\t\t\t\t\t\r\n\t\t\t\t\t\t\t<\/div>\r\n\t\t\t\t\t\t<\/div>\t\t\t\t\t\t\t\t\t\t\r\n\t\t\t\t\t\t\t\t<\/div>\t\t\t\r\n\t\t<\/div>\r\n\t<\/div>\r\n\t<script>\r\n\tjQuery(document).ready(function() {\r\n\t  var owl = jQuery('#wpsm-carousel-two');\r\n\t  owl.owlCarousel({\r\n\t\tresponsiveClass:true,\r\n\t\tnavigation:true,\r\n\t\tloop: true,\r\n\t\tmargin: 20,\t\t\t\t\r\n\t\tautoplay: true,\r\n\t\trewindNav : false,\r\n\t\tautoplayTimeout: 5000,\r\n        autoplaySpeed: 500,\t\t\t\t\r\n\t\tautoplayHoverPause: true,\r\n\t\tresponsive: {\r\n\t\t  0: {\r\n\t\t\titems: 1\r\n\t\t  },\r\n\t\t  500: {\r\n\t\t\titems: 2\r\n\t\t  },\r\n\t\t  767: {\r\n\t\t\titems: 2\r\n\t\t  },\r\n\t\t  992: {\r\n\t\t\titems: 3\r\n\t\t  },\r\n\t\t  1000: {\r\n\t\t\titems:3\t\t  }\r\n\t\t}\r\n\t  });\r\n\t  \r\n\t})\r\n\t<\/script>\r\n\r\n\t\n","protected":false},"excerpt":{"rendered":"<p>Nacimos en el coraz\u00f3n de la ciudad industrial de Honduras, justamente un a\u00f1o antes de la tragedia del hurac\u00e1n Mitch; [&hellip;]<\/p>\n","protected":false},"author":1,"featured_media":140,"parent":0,"menu_order":0,"comment_status":"closed","ping_status":"closed","template":"template-full-width.php","meta":{"footnotes":""},"class_list":["post-32","page","type-page","status-publish","has-post-thumbnail","hentry"],"_links":{"self":[{"href":"https:\/\/legalortega.com\/oo\/wp-json\/wp\/v2\/pages\/32"}],"collection":[{"href":"https:\/\/legalortega.com\/oo\/wp-json\/wp\/v2\/pages"}],"about":[{"href":"https:\/\/legalortega.com\/oo\/wp-json\/wp\/v2\/types\/page"}],"author":[{"embeddable":true,"href":"https:\/\/legalortega.com\/oo\/wp-json\/wp\/v2\/users\/1"}],"replies":[{"embeddable":true,"href":"https:\/\/legalortega.com\/oo\/wp-json\/wp\/v2\/comments?post=32"}],"version-history":[{"count":14,"href":"https:\/\/legalortega.com\/oo\/wp-json\/wp\/v2\/pages\/32\/revisions"}],"predecessor-version":[{"id":153,"href":"https:\/\/legalortega.com\/oo\/wp-json\/wp\/v2\/pages\/32\/revisions\/153"}],"wp:featuredmedia":[{"embeddable":true,"href":"https:\/\/legalortega.com\/oo\/wp-json\/wp\/v2\/media\/140"}],"wp:attachment":[{"href":"https:\/\/legalortega.com\/oo\/wp-json\/wp\/v2\/media?parent=32"}],"curies":[{"name":"wp","href":"https:\/\/api.w.org\/{rel}","templated":true}]}}